{"id":305,"date":"2024-05-29T21:30:34","date_gmt":"2024-05-29T21:30:34","guid":{"rendered":"https:\/\/sites.msudenver.edu\/familyandsupport1010\/?page_id=305"},"modified":"2024-06-12T20:28:45","modified_gmt":"2024-06-12T20:28:45","slug":"terminos-y-cronograma-de-ayuda-financiera","status":"publish","type":"page","link":"https:\/\/sites.msudenver.edu\/familyandsupport1010\/modulo-2\/que-es-la-ayuda-financiera\/terminos-y-cronograma-de-ayuda-financiera\/","title":{"rendered":"T\u00e9rminos y cronograma de ayuda financiera\u00a0"},"content":{"rendered":"\n<figure class=\"wp-block-image size-large\"><img loading=\"lazy\" decoding=\"async\" width=\"1024\" height=\"374\" src=\"http:\/\/sites.msudenver.edu\/familyandsupport1010\/wp-content\/uploads\/sites\/491\/2024\/05\/ArtDept_04122022_AM-60-1024x374.jpg\" alt=\"\" class=\"wp-image-194\" srcset=\"https:\/\/sites.msudenver.edu\/familyandsupport1010\/wp-content\/uploads\/sites\/491\/2024\/05\/ArtDept_04122022_AM-60-1024x374.jpg 1024w, https:\/\/sites.msudenver.edu\/familyandsupport1010\/wp-content\/uploads\/sites\/491\/2024\/05\/ArtDept_04122022_AM-60-300x110.jpg 300w, https:\/\/sites.msudenver.edu\/familyandsupport1010\/wp-content\/uploads\/sites\/491\/2024\/05\/ArtDept_04122022_AM-60-768x281.jpg 768w, https:\/\/sites.msudenver.edu\/familyandsupport1010\/wp-content\/uploads\/sites\/491\/2024\/05\/ArtDept_04122022_AM-60-1536x561.jpg 1536w, https:\/\/sites.msudenver.edu\/familyandsupport1010\/wp-content\/uploads\/sites\/491\/2024\/05\/ArtDept_04122022_AM-60-2048x749.jpg 2048w, https:\/\/sites.msudenver.edu\/familyandsupport1010\/wp-content\/uploads\/sites\/491\/2024\/05\/ArtDept_04122022_AM-60-1200x439.jpg 1200w, https:\/\/sites.msudenver.edu\/familyandsupport1010\/wp-content\/uploads\/sites\/491\/2024\/05\/ArtDept_04122022_AM-60-1980x724.jpg 1980w\" sizes=\"auto, (max-width: 1024px) 100vw, 1024px\" \/><\/figure>\n\n\n\n<p>La ayuda financiera puede causar mucho estr\u00e9s y confusi\u00f3n. A continuaci\u00f3n, queremos repasar los plazos de la ayuda financiera para ayudar a aliviar cualquier inquietud sobre el proceso. A grandes rasgos, estas fechas son las mismas todos los a\u00f1os, aunque siempre es conveniente consultar las fechas espec\u00edficas a la <a href=\"https:\/\/www.msudenver.edu\/financial-aid\/\" target=\"_blank\" rel=\"noreferrer noopener\">Oficina de Ayuda Financiera y Becas de MSU Denver<\/a>.<\/p>\n\n\n\n<ul class=\"wp-block-list\">\n<li>1.<sup>o<\/sup> de marzo\n<ul class=\"wp-block-list\">\n<li>Plazo de prioridad para presentar la solicitud FAFSA.<\/li>\n\n\n\n<li>Plazo de prioridad para presentar la solicitud de beca de MSU Denver.<\/li>\n<\/ul>\n<\/li>\n\n\n\n<li>Abril\n<ul class=\"wp-block-list\">\n<li>Completar requisitos de ayuda financiera por informaci\u00f3n faltante.<\/li>\n<\/ul>\n<\/li>\n\n\n\n<li>Junio\n<ul class=\"wp-block-list\">\n<li>Plazo popular para completar expedientes de varios programas.<\/li>\n<\/ul>\n<\/li>\n\n\n\n<li>Julio\n<ul class=\"wp-block-list\">\n<li>Ahora, las adjudicaciones pueden aceptarse a trav\u00e9s del Centro Estudiantil.<\/li>\n<\/ul>\n<\/li>\n\n\n\n<li>Agosto\n<ul class=\"wp-block-list\">\n<li>La ayuda aceptada se desembolsar\u00e1 al estudiante 20 d\u00edas antes de que comiencen las clases.<\/li>\n<\/ul>\n<\/li>\n\n\n\n<li>Septiembre\n<ul class=\"wp-block-list\">\n<li>Plazo para darse de baja del 50&nbsp;% (fecha de censo).<\/li>\n<\/ul>\n<\/li>\n\n\n\n<li>Noviembre\n<ul class=\"wp-block-list\">\n<li>Plazo para darse de baja: \u00faltimo d\u00eda para darse de baja de todos los cursos.<\/li>\n<\/ul>\n<\/li>\n\n\n\n<li>Diciembre\n<ul class=\"wp-block-list\">\n<li>Apertura del per\u00edodo de presentaci\u00f3n de la solicitud FAFSA y CASFA para el siguiente a\u00f1o acad\u00e9mico.<\/li>\n<\/ul>\n<\/li>\n<\/ul>\n\n\n\n<h2 class=\"wp-block-heading\">Requisito del seguro m\u00e9dico<\/h2>\n\n\n\n<p>Para los estudiantes que cursan 9 cr\u00e9ditos o m\u00e1s durante el semestre de oto\u00f1o o primavera, existe un <a href=\"https:\/\/healthcenter1.com\/domestic-health-insurance-requirement\/\" target=\"_blank\" rel=\"noreferrer noopener\">requisito del seguro m\u00e9dico nacional<\/a> y un <a href=\"https:\/\/healthcenter1.com\/international-student-insurance-requirement\/\" target=\"_blank\" rel=\"noreferrer noopener\">requisito del seguro m\u00e9dico internacional<\/a>. Para cumplirlo, se suscribe autom\u00e1ticamente a dichos estudiantes al Plan de Seguro M\u00e9dico Estudiantil.<\/p>\n\n\n\n<p>Los estudiantes que se inscriban a 9 cr\u00e9ditos o m\u00e1s durante el semestre de oto\u00f1o o primavera y tengan un seguro m\u00e9dico reglamentario pueden optar por darse de baja del <a href=\"https:\/\/healthcenter1.com\/msu-denver-student-health-insurance\/\" target=\"_blank\" rel=\"noreferrer noopener\">Plan de Seguro M\u00e9dico Estudiantil (SHIP) de MSU Denver<\/a> mediante el env\u00edo de una solicitud de exoneraci\u00f3n cada semestre de oto\u00f1o y primavera.<\/p>\n\n\n\n<p>Teniendo presente esas fechas, veamos los detalles de c\u00f3mo se conforma el costo de la universidad.<\/p>\n\n\n<div>\n\t<div class=\"su-note\"  style=\"border-color:#dadadd;border-radius:3px;-moz-border-radius:3px;-webkit-border-radius:3px;\"><div class=\"su-note-inner su-u-clearfix su-u-trim\" style=\"background-color:#f4f4f7;border-color:#ffffff;color:#333333;border-radius:3px;-moz-border-radius:3px;-webkit-border-radius:3px;\">\n<h2>Verificaci\u00f3n de conocimiento<\/h2>\n<p>Pruebe su comprensi\u00f3n del material en esta p\u00e1gina con las preguntas a continuaci\u00f3n. Considere su respuesta a cada pregunta de opci\u00f3n m\u00faltiple, luego haga clic en &#8220;Verificar su respuesta&#8221; debajo de cada pregunta para saber si estaba en lo correcto.<\/p>\n<ol>\n<li>\u00bfQu\u00e9 sucede cuando un estudiante se inscribe en al menos 9 cr\u00e9ditos o m\u00e1s?\n<ul>\n<li> Se les cobrar\u00e1 el Seguro M\u00e9dico de la Universidad.<\/li>\n<li>Se considerar\u00e1n estudiantes a tiempo parcial.  <\/li>\n<li>No se les cobrar\u00e1 el Seguro M\u00e9dico de la Universidad.\u00a0<\/li>\n<li>Ambas opciones 1 y 2<\/li>\n<\/ul>\n<\/li>\n<details class=\"wp-block-details\">\n<summary>Verificar su respuesta<\/summary>\n<p>Ambas opciones 1 y 2<\/p>\n<\/details>\n<\/ol>\n<\/div><\/div>\n\n\n\n<div class=\"wp-block-buttons is-layout-flex wp-block-buttons-is-layout-flex\">\n<div class=\"wp-block-button\"><a class=\"wp-block-button__link wp-element-button\" href=\"https:\/\/sites.msudenver.edu\/familyandsupport1010\/modulo-2\/que-es-la-ayuda-financiera\/terminos-y-cronograma-de-ayuda-financiera\/matricula-y-cargos\/\">Siguiente: Matr\u00edcula y cargos&nbsp;<\/a><\/div>\n<\/div>\n","protected":false},"excerpt":{"rendered":"<p>La ayuda financiera puede causar mucho estr\u00e9s y confusi\u00f3n. A continuaci\u00f3n, queremos repasar los plazos de la ayuda financiera para ayudar a aliviar cualquier inquietud sobre el proceso. A grandes rasgos, estas fechas son las mismas todos los a\u00f1os, aunque siempre es conveniente consultar las fechas espec\u00edficas a la Oficina de Ayuda Financiera y Becas [&hellip;]<\/p>\n","protected":false},"author":905,"featured_media":0,"parent":304,"menu_order":0,"comment_status":"closed","ping_status":"closed","template":"","meta":{"_exactmetrics_skip_tracking":false,"_exactmetrics_sitenote_active":false,"_exactmetrics_sitenote_note":"","_exactmetrics_sitenote_category":0,"footnotes":""},"class_list":["post-305","page","type-page","status-publish","hentry"],"_links":{"self":[{"href":"https:\/\/sites.msudenver.edu\/familyandsupport1010\/wp-json\/wp\/v2\/pages\/305","targetHints":{"allow":["GET"]}}],"collection":[{"href":"https:\/\/sites.msudenver.edu\/familyandsupport1010\/wp-json\/wp\/v2\/pages"}],"about":[{"href":"https:\/\/sites.msudenver.edu\/familyandsupport1010\/wp-json\/wp\/v2\/types\/page"}],"author":[{"embeddable":true,"href":"https:\/\/sites.msudenver.edu\/familyandsupport1010\/wp-json\/wp\/v2\/users\/905"}],"replies":[{"embeddable":true,"href":"https:\/\/sites.msudenver.edu\/familyandsupport1010\/wp-json\/wp\/v2\/comments?post=305"}],"version-history":[{"count":0,"href":"https:\/\/sites.msudenver.edu\/familyandsupport1010\/wp-json\/wp\/v2\/pages\/305\/revisions"}],"up":[{"embeddable":true,"href":"https:\/\/sites.msudenver.edu\/familyandsupport1010\/wp-json\/wp\/v2\/pages\/304"}],"wp:attachment":[{"href":"https:\/\/sites.msudenver.edu\/familyandsupport1010\/wp-json\/wp\/v2\/media?parent=305"}],"curies":[{"name":"wp","href":"https:\/\/api.w.org\/{rel}","templated":true}]}}